{"id":81,"date":"2020-02-04T15:04:58","date_gmt":"2020-02-04T14:04:58","guid":{"rendered":"http:\/\/test.gymnasium-brandis.de\/?page_id=81"},"modified":"2021-08-17T10:49:15","modified_gmt":"2021-08-17T09:49:15","slug":"datenschutzerklaerung","status":"publish","type":"page","link":"https:\/\/www.gymnasium-brandis.de\/wp\/?page_id=81","title":{"rendered":"Datenschutzerkl\u00e4rung"},"content":{"rendered":"\n<h1 class=\"wp-block-heading\"><\/h1>\n\n\n\n<p>Verantwortliche Stelle im Sinne der Datenschutzgesetze, insbesondere der EU-Datenschutzgrundverordnung (DSGVO), ist:<\/p>\n\n\n\n<p>Gymnasium Brandis<br>Schulleitung: Frau Kirsten<br><br>Schulstra\u00dfe 3<br>04821 Brandis<br>Telefon: 034292\/70810<br>Telefax: 034292\/70819<br>E-Mail: sekretariat@gymnasium-brandis.de<br>Schultr\u00e4ger<br>(Diensteanbieter im Sinne des RStV\/TMG): Stadtverwaltung Brandis<br>vertreten durch: B\u00fcrgermeister Herr Jesse, Arno<br>Markt 3<br>04821 Brandis<br>Telefon: 034292\/6550<br>Telefax: 034292\/65528<br>E-Mail: verwaltung@stadt-brandis.de<br>Zust\u00e4ndige Aufsichtsbeh\u00f6rde: Freistaat Sachsen<br>S\u00e4chsisches Staatsministerium f\u00fcr Kultus<br>Postfach 10 09 10<br>01076 Dresden<br>Telefon: 0351 564-0<br>E-Mail: poststelle@smk.sachsen.de<br>Bei Beschwerden, Hinweisen und Anregungen wenden Sie sich bitte zun\u00e4chst an den Verantwortlichen f\u00fcr die Webseite.<br>Verantwortlicher f\u00fcr journalistische Inhalte i.S.d. \u00a7 55 Abs. 2 RStV: Frau S. Kirsten<\/p>\n\n\n\n<h2 class=\"wp-block-heading\">Ihre Betroffenenrechte<\/h2>\n\n\n\n<p>Unter den angegebenen Kontaktdaten unseres Datenschutzbeauftragten k\u00f6nnen Sie jederzeit folgende Rechte aus\u00fcben:<\/p>\n\n\n\n<ul class=\"wp-block-list\"><li>Auskunft \u00fcber Ihre bei uns gespeicherten Daten und deren Verarbeitung (Art. 15 DSGVO),<\/li><li>Berichtigung unrichtiger personenbezogener Daten (Art. 16 DSGVO),<\/li><li>L\u00f6schung Ihrer bei uns gespeicherten Daten (Art. 17 DSGVO),<\/li><li>Einschr\u00e4nkung der Datenverarbeitung, sofern wir Ihre Daten aufgrund gesetzlicher Pflichten noch nicht l\u00f6schen d\u00fcrfen (Art. 18 DSGVO),<\/li><li>Widerspruch gegen die Verarbeitung Ihrer Daten bei uns (Art. 21 DSGVO) und<\/li><li>Daten\u00fcbertragbarkeit, sofern Sie in die Datenverarbeitung eingewilligt haben oder einen Vertrag mit uns abgeschlossen haben (Art. 20 DSGVO).<\/li><\/ul>\n\n\n\n<p>Sofern Sie uns eine Einwilligung erteilt haben, k\u00f6nnen Sie diese jederzeit mit Wirkung f\u00fcr die Zukunft widerrufen.<\/p>\n\n\n\n<p>Sie k\u00f6nnen sich jederzeit mit einer Beschwerde an die f\u00fcr Sie zust\u00e4ndige Aufsichtsbeh\u00f6rde wenden (Art. 77 DSGVO i.V.m. \u00a7 19 BDSG). Ihre zust\u00e4ndige Aufsichtsbeh\u00f6rde richtet sich nach dem Bundesland Ihres Wohnsitzes, Ihrer Arbeit oder der mutma\u00dflichen Verletzung. Eine Liste der Aufsichtsbeh\u00f6rden (f\u00fcr den nicht\u00f6ffentlichen Bereich) mit Anschrift finden Sie unter:&nbsp;<a href=\"https:\/\/www.bfdi.bund.de\/DE\/Infothek\/Anschriften_Links\/anschriften_links-node.html\" target=\"_blank\" rel=\"noreferrer noopener\">https:\/\/www.bfdi.bund.de\/DE\/Infothek\/Anschriften_Links\/anschriften_links-node.html<\/a>.<\/p>\n\n\n\n<h2 class=\"wp-block-heading\">Erfassung allgemeiner Informationen beim Besuch unserer Website<\/h2>\n\n\n\n<h3 class=\"wp-block-heading\">Art und Zweck der Verarbeitung:<\/h3>\n\n\n\n<p>Wenn Sie auf unsere Website zugreifen, d.h., wenn Sie sich nicht registrieren oder anderweitig Informationen \u00fcbermitteln, werden automatisch Informationen allgemeiner Natur erfasst. Diese Informationen (Server-Logfiles) beinhalten etwa die Art des Webbrowsers, das verwendete Betriebssystem, den Domainnamen Ihres Internet-Service-Providers, Ihre IP-Adresse und \u00e4hnliches. Hierbei handelt es sich ausschlie\u00dflich um Informationen, welche keine R\u00fcckschl\u00fcsse auf Ihre Person zulassen.<\/p>\n\n\n\n<p>Sie werden insbesondere zu folgenden Zwecken verarbeitet:<\/p>\n\n\n\n<ul class=\"wp-block-list\"><li>Sicherstellung eines problemlosen Verbindungsaufbaus der Website,<\/li><li>Sicherstellung einer reibungslosen Nutzung unserer Website,<\/li><li>Auswertung der Systemsicherheit und -stabilit\u00e4t sowie<\/li><li>zu weiteren administrativen Zwecken.<\/li><\/ul>\n\n\n\n<p>Wir verwenden Ihre Daten nicht, um R\u00fcckschl\u00fcsse auf Ihre Person zu ziehen. Informationen dieser Art werden von uns ggfs. statistisch ausgewertet, um unseren Internetauftritt und die dahinterstehende Technik zu optimieren.<\/p>\n\n\n\n<h3 class=\"wp-block-heading\">Rechtsgrundlage:<\/h3>\n\n\n\n<p>Die Verarbeitung erfolgt gem\u00e4\u00df Art. 6 Abs. 1 lit. f DSGVO auf Basis unseres berechtigten Interesses an der Verbesserung der Stabilit\u00e4t und Funktionalit\u00e4t unserer Website.<\/p>\n\n\n\n<h3 class=\"wp-block-heading\">Empf\u00e4nger:<\/h3>\n\n\n\n<p>Empf\u00e4nger der Daten sind nur die verantwortliche Stelle und ggf. technische Dienstleister, die f\u00fcr den Betrieb und die Wartung unserer Webseite als Auftragsverarbeiter t\u00e4tig werden.<\/p>\n\n\n\n<h3 class=\"wp-block-heading\">Speicherdauer:<\/h3>\n\n\n\n<p>Die Daten werden gel\u00f6scht, sobald diese f\u00fcr den Zweck der Erhebung nicht mehr erforderlich sind. Dies ist f\u00fcr die Daten, die der Bereitstellung der Webseite dienen, grunds\u00e4tzlich der Fall, wenn die jeweilige Sitzung beendet ist.<\/p>\n\n\n\n<h3 class=\"wp-block-heading\">Bereitstellung vorgeschrieben oder erforderlich:<\/h3>\n\n\n\n<p>Die Bereitstellung der vorgenannten personenbezogenen Daten ist weder gesetzlich noch vertraglich vorgeschrieben. Ohne die IP-Adresse ist jedoch der Dienst und die Funktionsf\u00e4higkeit unserer Website nicht gew\u00e4hrleistet. Zudem k\u00f6nnen einzelne Dienste und Services nicht verf\u00fcgbar oder eingeschr\u00e4nkt sein. Aus diesem Grund ist ein Widerspruch ausgeschlossen.<\/p>\n\n\n\n<h2 class=\"wp-block-heading\">Cookies<\/h2>\n\n\n\n<h3 class=\"wp-block-heading\">Art und Zweck der Verarbeitung:<\/h3>\n\n\n\n<p>Wie viele andere Webseiten verwenden wir auch so genannte \u201eCookies\u201c. Cookies sind kleine Textdateien, die von einem Websiteserver auf Ihre Festplatte \u00fcbertragen werden. Hierdurch erhalten wir automatisch bestimmte Daten wie z. B. IP-Adresse, verwendeter Browser, Betriebssystem und Ihre Verbindung zum Internet.<\/p>\n\n\n\n<p>Cookies k\u00f6nnen nicht verwendet werden, um Programme zu starten oder Viren auf einen Computer zu \u00fcbertragen. Anhand der in Cookies enthaltenen Informationen k\u00f6nnen wir Ihnen die Navigation erleichtern und die korrekte Anzeige unserer Webseiten erm\u00f6glichen.<\/p>\n\n\n\n<p>In keinem Fall werden die von uns erfassten Daten an Dritte weitergegeben oder ohne Ihre Einwilligung eine Verkn\u00fcpfung mit personenbezogenen Daten hergestellt.<\/p>\n\n\n\n<p>Nat\u00fcrlich k\u00f6nnen Sie unsere Website grunds\u00e4tzlich auch ohne Cookies betrachten. Internet-Browser sind regelm\u00e4\u00dfig so eingestellt, dass sie Cookies akzeptieren. Im Allgemeinen k\u00f6nnen Sie die Verwendung von Cookies jederzeit \u00fcber die Einstellungen Ihres Browsers deaktivieren. Bitte verwenden Sie die Hilfefunktionen Ihres Internetbrowsers, um zu erfahren, wie Sie diese Einstellungen \u00e4ndern k\u00f6nnen. Bitte beachten Sie, dass einzelne Funktionen unserer Website m\u00f6glicherweise nicht funktionieren, wenn Sie die Verwendung von Cookies deaktiviert haben.<\/p>\n\n\n\n<h3 class=\"wp-block-heading\">Speicherdauer und eingesetzte Cookies:<\/h3>\n\n\n\n<p>Soweit Sie uns durch Ihre Browsereinstellungen oder Zustimmung die Verwendung von Cookies erlauben, k\u00f6nnen folgende Cookies auf unseren Webseiten zum Einsatz kommen:<\/p>\n\n\n\n<p>Sessioncookies: 60 Tage<\/p>\n\n\n\n<p>Soweit diese Cookies (auch) personenbezogene Daten betreffen k\u00f6nnen, informieren wir Sie dar\u00fcber in den folgenden Abschnitten.<\/p>\n\n\n\n<p>Sie k\u00f6nnen \u00fcber Ihre Browsereinstellungen einzelne Cookies oder den gesamten Cookie-Bestand l\u00f6schen. Dar\u00fcber hinaus erhalten Sie Informationen und Anleitungen, wie diese Cookies gel\u00f6scht oder deren Speicherung vorab blockiert werden k\u00f6nnen. Je nach Anbieter Ihres Browsers finden Sie die notwendigen Informationen unter den nachfolgenden Links:<\/p>\n\n\n\n<ul class=\"wp-block-list\"><li>Mozilla Firefox:&nbsp;<a href=\"https:\/\/support.mozilla.org\/de\/kb\/cookies-loeschen-daten-von-websites-entfernen\" target=\"_blank\" rel=\"noreferrer noopener\">https:\/\/support.mozilla.org\/de\/kb\/cookies-loeschen-daten-von-websites-entfernen<\/a><\/li><li>Internet Explorer:&nbsp;<a href=\"https:\/\/support.microsoft.com\/de-de\/help\/17442\/windows-internet-explorer-delete-manage-cookies\" target=\"_blank\" rel=\"noreferrer noopener\">https:\/\/support.microsoft.com\/de-de\/help\/17442\/windows-internet-explorer-delete-manage-cookies<\/a><\/li><li>Google Chrome:&nbsp;<a href=\"https:\/\/support.google.com\/accounts\/answer\/61416?hl=de\" target=\"_blank\" rel=\"noreferrer noopener\">https:\/\/support.google.com\/accounts\/answer\/61416?hl=de<\/a><\/li><li>Opera:&nbsp;<a href=\"http:\/\/www.opera.com\/de\/help\" target=\"_blank\" rel=\"noreferrer noopener\">http:\/\/www.opera.com\/de\/help<\/a><\/li><li>Safari:&nbsp;<a href=\"https:\/\/support.apple.com\/kb\/PH17191?locale=de_DE&amp;viewlocale=de_DE\" target=\"_blank\" rel=\"noreferrer noopener\">https:\/\/support.apple.com\/kb\/PH17191?locale=de_DE&amp;viewlocale=de_DE<\/a><\/li><\/ul>\n\n\n\n<h2 class=\"wp-block-heading\">Analyse durch WiredMinds<\/h2>\n\n\n\n<h3 class=\"wp-block-heading\">Art und Zweck der Verarbeitung:<\/h3>\n\n\n\n<p>Unsere Website nutzt die Z\u00e4hlpixeltechnologie der WiredMinds AG (<a href=\"http:\/\/www.wiredminds.de\/\" target=\"_blank\" rel=\"noreferrer noopener\">www.wiredminds.de<\/a>) zur Analyse des Besucherverhaltens. WiredMinds ist die WiredMinds GmbH, Lindensp\u00fcrstra\u00dfe 32, 70176 Stuttgart, Deutschland.<\/p>\n\n\n\n<p>Dabei werden Daten erhoben, verarbeitet und gespeichert, aus denen unter einem Pseudonym Nutzungsprofile erstellt werden. Wo m\u00f6glich und sinnvoll, werden diese Nutzungsprofile vollst\u00e4ndig anonymisiert. Hierzu k\u00f6nnen Cookies zum Einsatz kommen. Cookies sind kleine Textdateien, die im Internet-Browser des Besuchers gespeichert werden und zur Wiedererkennung des Internet-Browsers dienen. Die erhobenen Daten, die auch personenbezogene Daten beinhalten k\u00f6nnen, werden an WiredMinds \u00fcbermittelt oder direkt von WiredMinds erhoben. WiredMinds darf Informationen, die durch Besuche auf den Webseiten hinterlassen werden, nutzen, um anonymisierte Nutzungsprofile zu erstellen. Die dabei gewonnenen Daten werden ohne die gesondert erteilte Zustimmung des Betroffenen nicht benutzt, um den Besucher dieser Webseite pers\u00f6nlich zu identifizieren und sie werden nicht mit personenbezogenen Daten \u00fcber den Tr\u00e4ger des Pseudonyms zusammengef\u00fchrt.<\/p>\n\n\n\n<p>Der Datenerhebung, -verarbeitung und -speicherung kann jederzeit mit Wirkung f\u00fcr die Zukunft unter folgendem Link widersprochen werden:&nbsp;<a href=\"http:\/\/wm.wiredminds.de\/track\/cookie_mgr.php?mode=dont_track_ask&amp;websitesel=eba71dd827fce58f&amp;lang=de\" target=\"_blank\" rel=\"noreferrer noopener\">Vom Website-Tracking ausschlie\u00dfen<\/a><\/p>\n\n\n\n<p>Weitere Informationen und die geltenden Datenschutzbestimmungen von WiredMinds k\u00f6nnen unter&nbsp;<a href=\"https:\/\/www.wiredminds.de\/fileadmin\/testimages\/content\/datenschutz\/DSB_WiredMinds_16.pdftarget=\">https:\/\/www.wiredminds.de\/fileadmin\/testimages\/content\/datenschutz\/DSB_WiredMinds_16.pdf<\/a>&nbsp;abgerufen werden.<\/p>\n\n\n\n<h3 class=\"wp-block-heading\">Rechtsgrundlage:<\/h3>\n\n\n\n<p>Die Verarbeitung der Daten erfolgt auf Grundlage einer Einwilligung des Nutzers (Art. 6 Abs. 1 lit. a DSGVO).<\/p>\n\n\n\n<h3 class=\"wp-block-heading\">Empf\u00e4nger:<\/h3>\n\n\n\n<p>Empf\u00e4nger der Daten sind nur die verantwortliche Stelle und wiredminds GmbH als Auftragsverarbeiter.<\/p>\n\n\n\n<h3 class=\"wp-block-heading\">Speicherdauer:<\/h3>\n\n\n\n<p>Soweit IP-Adressen erfasst werden, erfolgt deren sofortige Anonymisierung durch L\u00f6schen des letzten Nummernblocks.<\/p>\n\n\n\n<h3 class=\"wp-block-heading\">Bereitstellung vorgeschrieben oder erforderlich:<\/h3>\n\n\n\n<p>Die Bereitstellung Ihrer personenbezogenen Daten erfolgt freiwillig, allein auf Basis Ihrer Einwilligung. Sofern Sie den Zugriff unterbinden, kann es hierdurch zu Funktionseinschr\u00e4nkungen auf der Website kommen.<\/p>\n\n\n\n<h3 class=\"wp-block-heading\">Profiling:<\/h3>\n\n\n\n<p>Mit Hilfe des Tools WiredMinds kann das Verhalten der Besucher der Webseite bewertet und die Interessen analysiert werden. Zudem wird eine Verbesserung des Internetangebotes erm\u00f6glicht. Hierzu erstellen wir ein pseudonymes Nutzerprofil.<\/p>\n\n\n\n<h2 class=\"wp-block-heading\">Verwendung von Scriptbibliotheken (Google Webfonts)<\/h2>\n\n\n\n<h3 class=\"wp-block-heading\">Art und Zweck der Verarbeitung:<\/h3>\n\n\n\n<p>Um unsere Inhalte browser\u00fcbergreifend korrekt und grafisch ansprechend darzustellen, verwenden wir auf dieser Website \u201eGoogle Web Fonts\u201c der Google LLC (1600 Amphitheatre Parkway, Mountain View, CA 94043, USA; nachfolgend \u201eGoogle\u201c) zur Darstellung von Schriften.<\/p>\n\n\n\n<p>Die Datenschutzrichtlinie des Bibliothekbetreibers Google finden Sie hier:&nbsp;<a href=\"https:\/\/www.google.com\/policies\/privacy\/\">https:\/\/www.google.com\/policies\/privacy\/<\/a><\/p>\n\n\n\n<h3 class=\"wp-block-heading\">Rechtsgrundlage:<\/h3>\n\n\n\n<p>Rechtsgrundlage f\u00fcr die Einbindung von Google Webfonts und dem damit verbundenen Datentransfer zu Google ist Ihre Einwilligung (Art. 6 Abs. 1 lit. a DSGVO).<\/p>\n\n\n\n<h3 class=\"wp-block-heading\">Empf\u00e4nger:<\/h3>\n\n\n\n<p>Der Aufruf von Scriptbibliotheken oder Schriftbibliotheken l\u00f6st automatisch eine Verbindung zum Betreiber der Bibliothek aus. Dabei ist es theoretisch m\u00f6glich \u2013 aktuell allerdings auch unklar ob und ggf. zu welchen Zwecken \u2013 dass der Betreiber in diesem Fall Google Daten erhebt.<\/p>\n\n\n\n<h3 class=\"wp-block-heading\">Speicherdauer:<\/h3>\n\n\n\n<p>Wir erheben keine personenbezogenen Daten durch die Einbindung von Google Webfonts.<\/p>\n\n\n\n<p>Weitere Informationen zu Google Web Fonts finden Sie unter&nbsp;<a href=\"https:\/\/developers.google.com\/fonts\/faq\">https:\/\/developers.google.com\/fonts\/faq<\/a>&nbsp;und in der Datenschutzerkl\u00e4rung von Google:&nbsp;<a href=\"https:\/\/www.google.com\/policies\/privacy\/\">https:\/\/www.google.com\/policies\/privacy\/<\/a>.<\/p>\n\n\n\n<h3 class=\"wp-block-heading\">Drittlandtransfer:<\/h3>\n\n\n\n<p>Google verarbeitet Ihre Daten in den USA und hat sich dem EU_US Privacy Shield unterworfen&nbsp;<a href=\"https:\/\/www.privacyshield.gov\/EU-US-Framework\">https:\/\/www.privacyshield.gov\/EU-US-Framework<\/a>.<\/p>\n\n\n\n<h3 class=\"wp-block-heading\">Bereitstellung vorgeschrieben oder erforderlich:<\/h3>\n\n\n\n<p>Die Bereitstellung der personenbezogenen Daten ist weder gesetzlich, noch vertraglich vorgeschrieben. Allerdings kann ohne die korrekte Darstellung der Inhalte von Standardschriften nicht erm\u00f6glicht werden.<\/p>\n\n\n\n<h3 class=\"wp-block-heading\">Widerruf der Einwilligung:<\/h3>\n\n\n\n<p>Zur Darstellung der Inhalte wird regelm\u00e4\u00dfig die Programmiersprache JavaScript verwendet. Sie k\u00f6nnen der Datenverarbeitung daher widersprechen, indem Sie die Ausf\u00fchrung von JavaScript in Ihrem Browser deaktivieren oder einen Einbindung JavaScript-Blocker installieren. Bitte beachten Sie, dass es hierdurch zu Funktionseinschr\u00e4nkungen auf der Website kommen kann.<\/p>\n\n\n\n<h2 class=\"wp-block-heading\">Verwendung von Google Maps<\/h2>\n\n\n\n<h3 class=\"wp-block-heading\">Art und Zweck der Verarbeitung:<\/h3>\n\n\n\n<p>Auf dieser Webseite nutzen wir das Angebot von Google Maps. Google Maps wird von Google LLC, 1600 Amphitheatre Parkway, Mountain View, CA 94043, USA (nachfolgend \u201eGoogle\u201c) betrieben. Dadurch k\u00f6nnen wir Ihnen interaktive Karten direkt in der Webseite anzeigen und erm\u00f6glichen Ihnen die komfortable Nutzung der Karten-Funktion.<\/p>\n\n\n\n<p>N\u00e4here Informationen \u00fcber die Datenverarbeitung durch Google k\u00f6nnen Sie&nbsp;<a href=\"http:\/\/www.google.com\/privacypolicy.html\">den Google-Datenschutzhinweisen<\/a>&nbsp;entnehmen. Dort k\u00f6nnen Sie im Datenschutzcenter auch Ihre pers\u00f6nlichen Datenschutz-Einstellungen ver\u00e4ndern.<\/p>\n\n\n\n<p>Ausf\u00fchrliche Anleitungen zur Verwaltung der eigenen Daten im Zusammenhang mit Google-Produkten<a href=\"http:\/\/www.dataliberation.org\/\">&nbsp;finden Sie hier<\/a>.<\/p>\n\n\n\n<h3 class=\"wp-block-heading\">Rechtsgrundlage:<\/h3>\n\n\n\n<p>Rechtsgrundlage f\u00fcr die Einbindung von Google Maps und dem damit verbundenen Datentransfer zu Google ist Ihre Einwilligung (Art. 6 Abs. 1 lit. a DSGVO).<\/p>\n\n\n\n<h3 class=\"wp-block-heading\">Empf\u00e4nger:<\/h3>\n\n\n\n<p>Durch den Besuch der Webseite erh\u00e4lt Google Informationen, dass Sie die entsprechende Unterseite unserer Webseite aufgerufen haben. Dies erfolgt unabh\u00e4ngig davon, ob Google ein Nutzerkonto bereitstellt, \u00fcber das Sie eingeloggt sind, oder ob keine Nutzerkonto besteht. Wenn Sie bei Google eingeloggt sind, werden Ihre Daten direkt Ihrem Konto zugeordnet.<\/p>\n\n\n\n<p>Wenn Sie die Zuordnung in Ihrem Profil bei Google nicht w\u00fcnschen, m\u00fcssen Sie sich vor Aktivierung des Buttons bei Google ausloggen. Google speichert Ihre Daten als Nutzungsprofile und nutzt sie f\u00fcr Zwecke der Werbung, Marktforschung und\/oder bedarfsgerechter Gestaltung seiner Webseite. Eine solche Auswertung erfolgt insbesondere (selbst f\u00fcr nicht eingeloggte Nutzer) zur Erbringung bedarfsgerechter Werbung und um andere Nutzer des sozialen Netzwerks \u00fcber Ihre Aktivit\u00e4ten auf unserer Webseite zu informieren. Ihnen steht ein Widerspruchsrecht zu gegen die Bildung dieser Nutzerprofile, wobei Sie sich zur Aus\u00fcbung dessen an Google richten m\u00fcssen.<\/p>\n\n\n\n<h3 class=\"wp-block-heading\">Speicherdauer:<\/h3>\n\n\n\n<p>Wir erheben keine personenbezogenen Daten, durch die Einbindung von Google Maps.<\/p>\n\n\n\n<h3 class=\"wp-block-heading\">Drittlandtransfer:<\/h3>\n\n\n\n<p>Google verarbeitet Ihre Daten in den USA und hat sich dem EU_US Privacy Shield unterworfen&nbsp;<a href=\"https:\/\/www.privacyshield.gov\/EU-US-Framework\">https:\/\/www.privacyshield.gov\/EU-US-Framework<\/a>.<\/p>\n\n\n\n<h3 class=\"wp-block-heading\">Widerruf der Einwilligung:<\/h3>\n\n\n\n<p>Wenn Sie nicht m\u00f6chten, dass Google \u00fcber unseren Internetauftritt Daten \u00fcber Sie erhebt, verarbeitet oder nutzt, k\u00f6nnen Sie in Ihrem Browsereinstellungen JavaScript deaktivieren. In diesem Fall k\u00f6nnen Sie unsere Webseite jedoch nicht oder nur eingeschr\u00e4nkt nutzen.<\/p>\n\n\n\n<h3 class=\"wp-block-heading\">Bereitstellung vorgeschrieben oder erforderlich:<\/h3>\n\n\n\n<p>Die Bereitstellung Ihrer personenbezogenen Daten erfolgt freiwillig, allein auf Basis Ihrer Einwilligung. Sofern Sie den Zugriff unterbinden, kann es hierdurch zu Funktionseinschr\u00e4nkungen auf der Website kommen.<\/p>\n\n\n\n<h2 class=\"wp-block-heading\">SSL-Verschl\u00fcsselung<\/h2>\n\n\n\n<p>Um die Sicherheit Ihrer Daten bei der \u00dcbertragung zu sch\u00fctzen, verwenden wir dem aktuellen Stand der Technik entsprechende Verschl\u00fcsselungsverfahren (z. B. SSL) \u00fcber HTTPS.<\/p>\n\n\n\n<h2 class=\"wp-block-heading\">Eingesetzte Auftragsverarbeiter<\/h2>\n\n\n\n<p>Folgende Organisationen, Unternehmen bzw. Personen wurden vom Betreiber dieser Website mit der Verarbeitung von Daten beauftragt:<\/p>\n\n\n\n<p>Virtualnetworks, vertreten durch Sebastian Kober, Krokestra\u00dfe 6, 04157 Leipzig<\/p>\n\n\n\n<h2 class=\"wp-block-heading\">\u00c4nderung unserer Datenschutzbestimmungen<\/h2>\n\n\n\n<p>Wir behalten uns vor, diese Datenschutzerkl\u00e4rung anzupassen, damit sie stets den aktuellen rechtlichen Anforderungen entspricht oder um \u00c4nderungen unserer Leistungen in der Datenschutzerkl\u00e4rung umzusetzen, z.B. bei der Einf\u00fchrung neuer Services. F\u00fcr Ihren erneuten Besuch gilt dann die neue Datenschutzerkl\u00e4rung.<\/p>\n\n\n\n<h2 class=\"wp-block-heading\">Fragen an die Datenschutzbeauftragte<\/h2>\n\n\n\n<p>Wenn Sie Fragen zum Datenschutz haben, schreiben Sie uns bitte eine E-Mail oder wenden Sie sich direkt an die f\u00fcr den Datenschutz verantwortliche Person in unserer Organisation:<\/p>\n\n\n\n<p>Frau Susanne Poethe<br>sekretariat@gymnasium-brandis.de<\/p>\n\n\n\n<p><em>Die Datenschutzerkl\u00e4rung wurde mit dem&nbsp;<\/em><em><a href=\"https:\/\/www.activemind.de\/datenschutz\/datenschutzhinweis-generator\/\" target=\"_blank\" rel=\"noreferrer noopener\">Datenschutzerkl\u00e4rungs-Generator der activeMind AG erstellt<\/a>&nbsp;(Version 2018-06-15).<\/em><\/p>\n","protected":false},"excerpt":{"rendered":"<p>Verantwortliche Stelle im Sinne der Datenschutzgesetze, insbesondere der EU-Datenschutzgrundverordnung (DSGVO), ist: Gymnasium BrandisSchulleitung: Frau Kirsten Schulstra\u00dfe 304821 BrandisTelefon: 034292\/70810Telefax: 034292\/70819E-Mail: sekretariat@gymnasium-brandis.deSchultr\u00e4ger(Diensteanbieter im Sinne des RStV\/TMG): Stadtverwaltung Brandisvertreten durch: B\u00fcrgermeister Herr Jesse, ArnoMarkt 304821 BrandisTelefon: 034292\/6550Telefax: 034292\/65528E-Mail: verwaltung@stadt-brandis.deZust\u00e4ndige Aufsichtsbeh\u00f6rde: Freistaat SachsenS\u00e4chsisches Staatsministerium f\u00fcr KultusPostfach 10 09 1001076 DresdenTelefon: 0351 564-0E-Mail: poststelle@smk.sachsen.deBei Beschwerden, Hinweisen und Anregungen wenden <a class=\"more-link\" href=\"https:\/\/www.gymnasium-brandis.de\/wp\/?page_id=81\">weiterlesen&#8230;<\/a><\/p>\n","protected":false},"author":1,"featured_media":0,"parent":0,"menu_order":0,"comment_status":"closed","ping_status":"closed","template":"","meta":{"footnotes":""},"class_list":["post-81","page","type-page","status-publish","hentry"],"_links":{"self":[{"href":"https:\/\/www.gymnasium-brandis.de\/wp\/index.php?rest_route=\/wp\/v2\/pages\/81","targetHints":{"allow":["GET"]}}],"collection":[{"href":"https:\/\/www.gymnasium-brandis.de\/wp\/index.php?rest_route=\/wp\/v2\/pages"}],"about":[{"href":"https:\/\/www.gymnasium-brandis.de\/wp\/index.php?rest_route=\/wp\/v2\/types\/page"}],"author":[{"embeddable":true,"href":"https:\/\/www.gymnasium-brandis.de\/wp\/index.php?rest_route=\/wp\/v2\/users\/1"}],"replies":[{"embeddable":true,"href":"https:\/\/www.gymnasium-brandis.de\/wp\/index.php?rest_route=%2Fwp%2Fv2%2Fcomments&post=81"}],"version-history":[{"count":1,"href":"https:\/\/www.gymnasium-brandis.de\/wp\/index.php?rest_route=\/wp\/v2\/pages\/81\/revisions"}],"predecessor-version":[{"id":1017,"href":"https:\/\/www.gymnasium-brandis.de\/wp\/index.php?rest_route=\/wp\/v2\/pages\/81\/revisions\/1017"}],"wp:attachment":[{"href":"https:\/\/www.gymnasium-brandis.de\/wp\/index.php?rest_route=%2Fwp%2Fv2%2Fmedia&parent=81"}],"curies":[{"name":"wp","href":"https:\/\/api.w.org\/{rel}","templated":true}]}}